{"id":2618,"date":"2017-11-15T09:41:11","date_gmt":"2018-02-25T06:11:07","guid":{"rendered":"https:\/\/www.laruecavoladora.com\/producto\/taie-doreiller\/"},"modified":"2023-03-16T14:42:47","modified_gmt":"2023-03-16T13:42:47","slug":"taie-doreiller-flanelle-et-satin","status":"publish","type":"product","link":"https:\/\/www.laruecavoladora.com\/fr\/producto\/taie-doreiller-flanelle-et-satin\/","title":{"rendered":"Taie d&#8217;oreiller"},"content":{"rendered":"<h1>Housses d&#8217;oreiller.<\/h1>\n<h2>Taies d&#8217;oreiller en flanelle et satin.<\/h2>\n<p><strong>Taie d&#8217;oreiller<\/strong> couleur \u00e9crue, en flanelle et satin.<\/p>\n<p>La taie poss\u00e8de une ouverture lat\u00e9rale avec une languette int\u00e9rieure.<\/p>\n<p>Tous nos draps peuvent \u00eatre combin\u00e9s selon vos go\u00fbts<\/p>\n<p>Textures :<\/p>\n<p><u>Flanelle<\/u> : son tissage est r\u00e9alis\u00e9 sur une toile de coton peign\u00e9. 160g\/m2. Toujours de couleur \u00e9crue.<\/p>\n<p>Tissu l\u00e9ger, doux et chaud.<\/p>\n<p>Fini les lits froids au moment de nous coucher.<\/p>\n<p><u>Satin<\/u> : tiss\u00e9 en coton peign\u00e9 avec une trame de satin de 130 g\/m2. Toujours de couleur \u00e9crue.<\/p>\n<p>Allie la l\u00e9g\u00e8ret\u00e9 \u00e0 la douceur.<\/p>\n<p>Il maintiendra notre lit plus frais en \u00e9t\u00e9.<\/p>\n<h5>Il est important de laver les draps avant de les mettre sur notre lit :<\/h5>\n<p>Les tissus des draps n&#8217;ont subi aucun traitement contre le resserrement ou le r\u00e9tr\u00e9cissement et ils peuvent donc nous para\u00eetre plus larges que longs. Ils resteront \u00e0 la taille de notre lit apr\u00e8s le lavage.<\/p>\n<p>Le coton, d&#8217;origine v\u00e9g\u00e9tale et naturelle. Plusieurs qualit\u00e9s en font un bon alli\u00e9 de notre sommeil.<\/p>\n<ul>\n<li>Hypoallerg\u00e9nique.<\/li>\n<li>Respirant.<\/li>\n<li>Sans \u00e9lectricit\u00e9 statique.<\/li>\n<li>S&#8217;adapte instantan\u00e9ment \u00e0 notre temp\u00e9rature corporelle.<\/li>\n<\/ul>\n<p>Toutes les mati\u00e8res premi\u00e8res poss\u00e8dent le certificat attestant de l&#8217;absence de traitements chimiques, que ce soit avant ou apr\u00e8s la r\u00e9colte (label Ecocert et EKO).<\/p>\n<p>Que les tissus ne contiennent pas de produits chimiques (<strong>Gots).<\/strong><\/p>\n<h3>Fabriqu\u00e9 en Espagne.<\/h3>\n<h3><strong>Confiance textile<\/strong><\/h3>\n<p><img loading=\"lazy\" decoding=\"async\" class=\"alignnone wp-image-1906\" src=\"https:\/\/www.laruecavoladora.com\/wp-content\/uploads\/2018\/01\/sello-2.jpg\" alt=\"\" width=\"135\" height=\"135\" srcset=\"https:\/\/www.laruecavoladora.com\/wp-content\/uploads\/2018\/01\/sello-2.jpg 180w, https:\/\/www.laruecavoladora.com\/wp-content\/uploads\/2018\/01\/sello-2-100x100.jpg 100w\" sizes=\"auto, (max-width: 135px) 100vw, 135px\" \/>\u00a0<img loading=\"lazy\" decoding=\"async\" class=\"alignnone wp-image-1720\" src=\"https:\/\/www.laruecavoladora.com\/wp-content\/uploads\/2017\/11\/confianca-textile-1.jpg\" alt=\"\" width=\"199\" height=\"138\" \/>\u00a0<img loading=\"lazy\" decoding=\"async\" class=\"alignnone wp-image-1908\" src=\"https:\/\/www.laruecavoladora.com\/wp-content\/uploads\/2018\/01\/sello-3.jpg\" alt=\"\" width=\"109\" height=\"121\" \/><\/p>\n","protected":false},"excerpt":{"rendered":"<h2>Taies d&#8217;oreiller en flanelle.<\/h2>\n<h5>Agriculture \u00e9cologique, sans transg\u00e9niques ni produits chimiques.<\/h5>\n<p><a style=\"font-size: 12px;\" href=\"https:\/\/www.laruecavoladora.com\/wp-content\/uploads\/2018\/03\/guia-tallas-Franela-sat\u00e9n-FRANCES.pdf\" target=\"_blank\" rel=\"noopener noreferrer\">Consultez notre guide de tailles<\/a><\/p>\n<p><strong>Draps de lit personnalis\u00e9s<\/strong>. Nous fabriquons vos v\u00eatements.<\/p>\n<p><strong>Pack 2 unit\u00e9s<\/strong><\/p>\n<p>&nbsp;<\/p>\n","protected":false},"featured_media":5382,"comment_status":"open","ping_status":"closed","template":"","meta":{"_glsr_average":0,"_glsr_ranking":0,"_glsr_reviews":0,"_joinchat":[]},"product_brand":[],"product_cat":[663,251],"product_tag":[],"class_list":{"0":"post-2618","1":"product","2":"type-product","3":"status-publish","4":"has-post-thumbnail","6":"product_cat-coton-organique","7":"product_cat-taies-doreiller","9":"first","10":"instock","11":"taxable","12":"shipping-taxable","13":"purchasable","14":"product-type-variable","15":"has-default-attributes"},"yoast_head":"<!-- This site is optimized with the Yoast SEO plugin v27.5 - https:\/\/yoast.com\/product\/yoast-seo-wordpress\/ -->\n<title>Taies d&#039;oreiller en flanelle. taies d&#039;oreiller en satin<\/title>\n<meta name=\"description\" content=\"Taies d&#039;oreiller en coton biologique. les taies d&#039;oreiller vous accompagnent tout au long de la nuit. Choisissez la meilleure qualit\u00e9.\" \/>\n<meta name=\"robots\" content=\"index, follow, max-snippet:-1, max-image-preview:large, max-video-preview:-1\" \/>\n<link rel=\"canonical\" href=\"https:\/\/www.laruecavoladora.com\/fr\/producto\/taie-doreiller-flanelle-et-satin\/\" \/>\n<meta property=\"og:locale\" content=\"fr_FR\" \/>\n<meta property=\"og:type\" content=\"article\" \/>\n<meta property=\"og:title\" content=\"Taies d&#039;oreiller en flanelle. taies d&#039;oreiller en satin\" \/>\n<meta property=\"og:description\" content=\"Taies d&#039;oreiller en coton biologique. les taies d&#039;oreiller vous accompagnent tout au long de la nuit. Choisissez la meilleure qualit\u00e9.\" \/>\n<meta property=\"og:url\" content=\"https:\/\/www.laruecavoladora.com\/fr\/producto\/taie-doreiller-flanelle-et-satin\/\" \/>\n<meta property=\"og:site_name\" content=\"La Rueca Voladora\" \/>\n<meta property=\"article:modified_time\" content=\"2023-03-16T13:42:47+00:00\" \/>\n<meta property=\"og:image\" content=\"https:\/\/www.laruecavoladora.com\/wp-content\/uploads\/2017\/11\/w-Fundas-de-almohada-de-franela-y-saten-2-color-crudo.jpg\" \/>\n\t<meta property=\"og:image:width\" content=\"1000\" \/>\n\t<meta property=\"og:image:height\" content=\"563\" \/>\n\t<meta property=\"og:image:type\" content=\"image\/jpeg\" \/>\n<meta name=\"twitter:card\" content=\"summary_large_image\" \/>\n<meta name=\"twitter:label1\" content=\"Dur\u00e9e de lecture estim\u00e9e\" \/>\n\t<meta name=\"twitter:data1\" content=\"1 minute\" \/>\n<script type=\"application\/ld+json\" class=\"yoast-schema-graph\">{\"@context\":\"https:\\\/\\\/schema.org\",\"@graph\":[{\"@type\":\"WebPage\",\"@id\":\"https:\\\/\\\/www.laruecavoladora.com\\\/fr\\\/producto\\\/taie-doreiller-flanelle-et-satin\\\/\",\"url\":\"https:\\\/\\\/www.laruecavoladora.com\\\/fr\\\/producto\\\/taie-doreiller-flanelle-et-satin\\\/\",\"name\":\"Taies d'oreiller en flanelle. taies d'oreiller en satin\",\"isPartOf\":{\"@id\":\"https:\\\/\\\/www.laruecavoladora.com\\\/fr\\\/#website\"},\"primaryImageOfPage\":{\"@id\":\"https:\\\/\\\/www.laruecavoladora.com\\\/fr\\\/producto\\\/taie-doreiller-flanelle-et-satin\\\/#primaryimage\"},\"image\":{\"@id\":\"https:\\\/\\\/www.laruecavoladora.com\\\/fr\\\/producto\\\/taie-doreiller-flanelle-et-satin\\\/#primaryimage\"},\"thumbnailUrl\":\"https:\\\/\\\/www.laruecavoladora.com\\\/wp-content\\\/uploads\\\/2017\\\/11\\\/w-Fundas-de-almohada-de-franela-y-saten-2-color-crudo.jpg\",\"datePublished\":\"2018-02-25T06:11:07+00:00\",\"dateModified\":\"2023-03-16T13:42:47+00:00\",\"description\":\"Taies d'oreiller en coton biologique. les taies d'oreiller vous accompagnent tout au long de la nuit. Choisissez la meilleure qualit\u00e9.\",\"breadcrumb\":{\"@id\":\"https:\\\/\\\/www.laruecavoladora.com\\\/fr\\\/producto\\\/taie-doreiller-flanelle-et-satin\\\/#breadcrumb\"},\"inLanguage\":\"fr-FR\",\"potentialAction\":[{\"@type\":\"ReadAction\",\"target\":[\"https:\\\/\\\/www.laruecavoladora.com\\\/fr\\\/producto\\\/taie-doreiller-flanelle-et-satin\\\/\"]}]},{\"@type\":\"ImageObject\",\"inLanguage\":\"fr-FR\",\"@id\":\"https:\\\/\\\/www.laruecavoladora.com\\\/fr\\\/producto\\\/taie-doreiller-flanelle-et-satin\\\/#primaryimage\",\"url\":\"https:\\\/\\\/www.laruecavoladora.com\\\/wp-content\\\/uploads\\\/2017\\\/11\\\/w-Fundas-de-almohada-de-franela-y-saten-2-color-crudo.jpg\",\"contentUrl\":\"https:\\\/\\\/www.laruecavoladora.com\\\/wp-content\\\/uploads\\\/2017\\\/11\\\/w-Fundas-de-almohada-de-franela-y-saten-2-color-crudo.jpg\",\"width\":1000,\"height\":563,\"caption\":\"Alt=\u201dTaies d'oreiller en Satin\u201d\"},{\"@type\":\"BreadcrumbList\",\"@id\":\"https:\\\/\\\/www.laruecavoladora.com\\\/fr\\\/producto\\\/taie-doreiller-flanelle-et-satin\\\/#breadcrumb\",\"itemListElement\":[{\"@type\":\"ListItem\",\"position\":1,\"name\":\"Portada\",\"item\":\"https:\\\/\\\/www.laruecavoladora.com\\\/fr\\\/accueil\\\/\"},{\"@type\":\"ListItem\",\"position\":2,\"name\":\"Boutique\",\"item\":\"https:\\\/\\\/www.laruecavoladora.com\\\/tienda\\\/\"},{\"@type\":\"ListItem\",\"position\":3,\"name\":\"Taie d&#8217;oreiller\"}]},{\"@type\":\"WebSite\",\"@id\":\"https:\\\/\\\/www.laruecavoladora.com\\\/fr\\\/#website\",\"url\":\"https:\\\/\\\/www.laruecavoladora.com\\\/fr\\\/\",\"name\":\"La Rueca Voladora\",\"description\":\"Ropa del hogar de fibras Naturales\",\"potentialAction\":[{\"@type\":\"SearchAction\",\"target\":{\"@type\":\"EntryPoint\",\"urlTemplate\":\"https:\\\/\\\/www.laruecavoladora.com\\\/fr\\\/?s={search_term_string}\"},\"query-input\":{\"@type\":\"PropertyValueSpecification\",\"valueRequired\":true,\"valueName\":\"search_term_string\"}}],\"inLanguage\":\"fr-FR\"}]}<\/script>\n<!-- \/ Yoast SEO plugin. -->","yoast_head_json":{"title":"Taies d'oreiller en flanelle. taies d'oreiller en satin","description":"Taies d'oreiller en coton biologique. les taies d'oreiller vous accompagnent tout au long de la nuit. Choisissez la meilleure qualit\u00e9.","robots":{"index":"index","follow":"follow","max-snippet":"max-snippet:-1","max-image-preview":"max-image-preview:large","max-video-preview":"max-video-preview:-1"},"canonical":"https:\/\/www.laruecavoladora.com\/fr\/producto\/taie-doreiller-flanelle-et-satin\/","og_locale":"fr_FR","og_type":"article","og_title":"Taies d'oreiller en flanelle. taies d'oreiller en satin","og_description":"Taies d'oreiller en coton biologique. les taies d'oreiller vous accompagnent tout au long de la nuit. Choisissez la meilleure qualit\u00e9.","og_url":"https:\/\/www.laruecavoladora.com\/fr\/producto\/taie-doreiller-flanelle-et-satin\/","og_site_name":"La Rueca Voladora","article_modified_time":"2023-03-16T13:42:47+00:00","og_image":[{"width":1000,"height":563,"url":"https:\/\/www.laruecavoladora.com\/wp-content\/uploads\/2017\/11\/w-Fundas-de-almohada-de-franela-y-saten-2-color-crudo.jpg","type":"image\/jpeg"}],"twitter_card":"summary_large_image","twitter_misc":{"Dur\u00e9e de lecture estim\u00e9e":"1 minute"},"schema":{"@context":"https:\/\/schema.org","@graph":[{"@type":"WebPage","@id":"https:\/\/www.laruecavoladora.com\/fr\/producto\/taie-doreiller-flanelle-et-satin\/","url":"https:\/\/www.laruecavoladora.com\/fr\/producto\/taie-doreiller-flanelle-et-satin\/","name":"Taies d'oreiller en flanelle. taies d'oreiller en satin","isPartOf":{"@id":"https:\/\/www.laruecavoladora.com\/fr\/#website"},"primaryImageOfPage":{"@id":"https:\/\/www.laruecavoladora.com\/fr\/producto\/taie-doreiller-flanelle-et-satin\/#primaryimage"},"image":{"@id":"https:\/\/www.laruecavoladora.com\/fr\/producto\/taie-doreiller-flanelle-et-satin\/#primaryimage"},"thumbnailUrl":"https:\/\/www.laruecavoladora.com\/wp-content\/uploads\/2017\/11\/w-Fundas-de-almohada-de-franela-y-saten-2-color-crudo.jpg","datePublished":"2018-02-25T06:11:07+00:00","dateModified":"2023-03-16T13:42:47+00:00","description":"Taies d'oreiller en coton biologique. les taies d'oreiller vous accompagnent tout au long de la nuit. Choisissez la meilleure qualit\u00e9.","breadcrumb":{"@id":"https:\/\/www.laruecavoladora.com\/fr\/producto\/taie-doreiller-flanelle-et-satin\/#breadcrumb"},"inLanguage":"fr-FR","potentialAction":[{"@type":"ReadAction","target":["https:\/\/www.laruecavoladora.com\/fr\/producto\/taie-doreiller-flanelle-et-satin\/"]}]},{"@type":"ImageObject","inLanguage":"fr-FR","@id":"https:\/\/www.laruecavoladora.com\/fr\/producto\/taie-doreiller-flanelle-et-satin\/#primaryimage","url":"https:\/\/www.laruecavoladora.com\/wp-content\/uploads\/2017\/11\/w-Fundas-de-almohada-de-franela-y-saten-2-color-crudo.jpg","contentUrl":"https:\/\/www.laruecavoladora.com\/wp-content\/uploads\/2017\/11\/w-Fundas-de-almohada-de-franela-y-saten-2-color-crudo.jpg","width":1000,"height":563,"caption":"Alt=\u201dTaies d'oreiller en Satin\u201d"},{"@type":"BreadcrumbList","@id":"https:\/\/www.laruecavoladora.com\/fr\/producto\/taie-doreiller-flanelle-et-satin\/#breadcrumb","itemListElement":[{"@type":"ListItem","position":1,"name":"Portada","item":"https:\/\/www.laruecavoladora.com\/fr\/accueil\/"},{"@type":"ListItem","position":2,"name":"Boutique","item":"https:\/\/www.laruecavoladora.com\/tienda\/"},{"@type":"ListItem","position":3,"name":"Taie d&#8217;oreiller"}]},{"@type":"WebSite","@id":"https:\/\/www.laruecavoladora.com\/fr\/#website","url":"https:\/\/www.laruecavoladora.com\/fr\/","name":"La Rueca Voladora","description":"Ropa del hogar de fibras Naturales","potentialAction":[{"@type":"SearchAction","target":{"@type":"EntryPoint","urlTemplate":"https:\/\/www.laruecavoladora.com\/fr\/?s={search_term_string}"},"query-input":{"@type":"PropertyValueSpecification","valueRequired":true,"valueName":"search_term_string"}}],"inLanguage":"fr-FR"}]}},"wcpa_form_fields":null,"_links":{"self":[{"href":"https:\/\/www.laruecavoladora.com\/fr\/wp-json\/wp\/v2\/product\/2618","targetHints":{"allow":["GET"]}}],"collection":[{"href":"https:\/\/www.laruecavoladora.com\/fr\/wp-json\/wp\/v2\/product"}],"about":[{"href":"https:\/\/www.laruecavoladora.com\/fr\/wp-json\/wp\/v2\/types\/product"}],"replies":[{"embeddable":true,"href":"https:\/\/www.laruecavoladora.com\/fr\/wp-json\/wp\/v2\/comments?post=2618"}],"wp:featuredmedia":[{"embeddable":true,"href":"https:\/\/www.laruecavoladora.com\/fr\/wp-json\/wp\/v2\/media\/5382"}],"wp:attachment":[{"href":"https:\/\/www.laruecavoladora.com\/fr\/wp-json\/wp\/v2\/media?parent=2618"}],"wp:term":[{"taxonomy":"product_brand","embeddable":true,"href":"https:\/\/www.laruecavoladora.com\/fr\/wp-json\/wp\/v2\/product_brand?post=2618"},{"taxonomy":"product_cat","embeddable":true,"href":"https:\/\/www.laruecavoladora.com\/fr\/wp-json\/wp\/v2\/product_cat?post=2618"},{"taxonomy":"product_tag","embeddable":true,"href":"https:\/\/www.laruecavoladora.com\/fr\/wp-json\/wp\/v2\/product_tag?post=2618"}],"curies":[{"name":"wp","href":"https:\/\/api.w.org\/{rel}","templated":true}]}}